{"id":599,"date":"2026-02-18T14:12:18","date_gmt":"2026-02-18T14:12:18","guid":{"rendered":"http:\/\/abbayedesmacons.netmanage-dev.ch\/?page_id=599"},"modified":"2026-02-18T14:14:39","modified_gmt":"2026-02-18T14:14:39","slug":"kontakt","status":"publish","type":"page","link":"https:\/\/abbayedesmacons.netmanage-dev.ch\/?page_id=599&lang=de-de","title":{"rendered":"Kontakt"},"content":{"rendered":"\t\t<div data-elementor-type=\"wp-page\" data-elementor-id=\"599\" class=\"elementor elementor-599\" data-elementor-post-type=\"page\">\n\t\t\t\t<div class=\"elementor-element elementor-element-3455e90 e-flex e-con-boxed e-con e-parent\" data-id=\"3455e90\" data-element_type=\"container\" data-e-type=\"container\" data-settings=\"{&quot;background_background&quot;:&quot;classic&quot;}\">\n\t\t\t\t\t<div class=\"e-con-inner\">\n\t\t\t\t<div class=\"elementor-element elementor-element-e97ca2b elementor-widget elementor-widget-spacer\" data-id=\"e97ca2b\" data-element_type=\"widget\" data-e-type=\"widget\" data-widget_type=\"spacer.default\">\n\t\t\t\t<div class=\"elementor-widget-container\">\n\t\t\t\t\t\t\t<div class=\"elementor-spacer\">\n\t\t\t<div class=\"elementor-spacer-inner\"><\/div>\n\t\t<\/div>\n\t\t\t\t\t\t<\/div>\n\t\t\t\t<\/div>\n\t\t\t\t<div class=\"elementor-element elementor-element-8add42a elementor-widget elementor-widget-image\" data-id=\"8add42a\" data-element_type=\"widget\" data-e-type=\"widget\" data-widget_type=\"image.default\">\n\t\t\t\t<div class=\"elementor-widget-container\">\n\t\t\t\t\t\t\t\t\t\t\t\t\t\t\t<img fetchpriority=\"high\" decoding=\"async\" width=\"999\" height=\"775\" src=\"https:\/\/abbayedesmacons.netmanage-dev.ch\/wp-content\/uploads\/2025\/02\/Abbaye_des_Macons_60_noir.png\" class=\"attachment-full size-full wp-image-265\" alt=\"\" srcset=\"https:\/\/abbayedesmacons.netmanage-dev.ch\/wp-content\/uploads\/2025\/02\/Abbaye_des_Macons_60_noir.png 999w, https:\/\/abbayedesmacons.netmanage-dev.ch\/wp-content\/uploads\/2025\/02\/Abbaye_des_Macons_60_noir-300x233.png 300w, https:\/\/abbayedesmacons.netmanage-dev.ch\/wp-content\/uploads\/2025\/02\/Abbaye_des_Macons_60_noir-768x596.png 768w\" sizes=\"(max-width: 999px) 100vw, 999px\" \/>\t\t\t\t\t\t\t\t\t\t\t\t\t\t\t<\/div>\n\t\t\t\t<\/div>\n\t\t\t\t\t<\/div>\n\t\t\t\t<\/div>\n\t\t<div class=\"elementor-element elementor-element-48149b3 e-flex e-con-boxed e-con e-parent\" data-id=\"48149b3\" data-element_type=\"container\" data-e-type=\"container\" data-settings=\"{&quot;background_background&quot;:&quot;classic&quot;}\">\n\t\t\t\t\t<div class=\"e-con-inner\">\n\t\t<div class=\"elementor-element elementor-element-2a1a5390 e-con-full e-flex e-con e-child\" data-id=\"2a1a5390\" data-element_type=\"container\" data-e-type=\"container\" data-settings=\"{&quot;background_background&quot;:&quot;classic&quot;}\">\n\t\t<div class=\"elementor-element elementor-element-7ee179cb e-con-full e-flex e-con e-child\" data-id=\"7ee179cb\" data-element_type=\"container\" data-e-type=\"container\">\n\t\t\t\t<div class=\"elementor-element elementor-element-28f2f8ca elementor-widget elementor-widget-heading\" data-id=\"28f2f8ca\" data-element_type=\"widget\" data-e-type=\"widget\" data-widget_type=\"heading.default\">\n\t\t\t\t<div class=\"elementor-widget-container\">\n\t\t\t\t\t<h2 class=\"elementor-heading-title elementor-size-default\">Kontakt<\/h2>\t\t\t\t<\/div>\n\t\t\t\t<\/div>\n\t\t\t\t<div class=\"elementor-element elementor-element-439f89a1 elementor-invisible elementor-widget elementor-widget-text-editor\" data-id=\"439f89a1\" data-element_type=\"widget\" data-e-type=\"widget\" data-settings=\"{&quot;_animation&quot;:&quot;fadeIn&quot;,&quot;_animation_delay&quot;:200}\" data-widget_type=\"text-editor.default\">\n\t\t\t\t<div class=\"elementor-widget-container\">\n\t\t\t\t\t\t\t\t\t<p class=\"p1\"><strong>Abbaye des Ma\u00e7ons<\/strong><br \/>p. a UPCF<br \/><span style=\"font-family: -apple-system, BlinkMacSystemFont, 'Segoe UI', Roboto, 'Helvetica Neue', Arial, 'Noto Sans', sans-serif, 'Apple Color Emoji', 'Segoe UI Emoji', 'Segoe UI Symbol', 'Noto Color Emoji';\">Rue de l&rsquo;H\u00f4pital 15<br \/><\/span><span style=\"font-family: -apple-system, BlinkMacSystemFont, 'Segoe UI', Roboto, 'Helvetica Neue', Arial, 'Noto Sans', sans-serif, 'Apple Color Emoji', 'Segoe UI Emoji', 'Segoe UI Symbol', 'Noto Color Emoji';\">CP 592<br \/>1701 Freiburg<\/span><\/p><p class=\"p1\"><span style=\"font-family: -apple-system, BlinkMacSystemFont, 'Segoe UI', Roboto, 'Helvetica Neue', Arial, 'Noto Sans', sans-serif, 'Apple Color Emoji', 'Segoe UI Emoji', 'Segoe UI Symbol', 'Noto Color Emoji';\">E-mail : <span style=\"color: #d38660;\"><a style=\"color: #d38660;\" href=\"mailto:contact@abbayedesmacons.ch\">contact@abbayedesmacons.ch<\/a><\/span><\/span><\/p>\t\t\t\t\t\t\t\t<\/div>\n\t\t\t\t<\/div>\n\t\t\t\t<\/div>\n\t\t\t\t<div class=\"elementor-element elementor-element-5cd53688 elementor-widget elementor-widget-google_maps\" data-id=\"5cd53688\" data-element_type=\"widget\" data-e-type=\"widget\" data-widget_type=\"google_maps.default\">\n\t\t\t\t<div class=\"elementor-widget-container\">\n\t\t\t\t\t\t\t<div class=\"elementor-custom-embed\">\n\t\t\t<iframe loading=\"lazy\"\n\t\t\t\t\tsrc=\"https:\/\/maps.google.com\/maps?q=Rue%20de%20l%27H%C3%B4pital%2015%2C%201700%20Fribourg&#038;t=m&#038;z=15&#038;output=embed&#038;iwloc=near\"\n\t\t\t\t\ttitle=\"Rue de l&#039;H\u00f4pital 15, 1700 Fribourg\"\n\t\t\t\t\taria-label=\"Rue de l&#039;H\u00f4pital 15, 1700 Fribourg\"\n\t\t\t><\/iframe>\n\t\t<\/div>\n\t\t\t\t\t\t<\/div>\n\t\t\t\t<\/div>\n\t\t\t\t<\/div>\n\t\t\t\t\t<\/div>\n\t\t\t\t<\/div>\n\t\t<div class=\"elementor-element elementor-element-5da3c717 e-flex e-con-boxed e-con e-parent\" data-id=\"5da3c717\" data-element_type=\"container\" data-e-type=\"container\">\n\t\t\t\t\t<div class=\"e-con-inner\">\n\t\t<div class=\"elementor-element elementor-element-68bf916d e-con-full e-flex e-con e-child\" data-id=\"68bf916d\" data-element_type=\"container\" data-e-type=\"container\">\n\t\t\t\t<div class=\"elementor-element elementor-element-2d5e53 elementor-widget elementor-widget-spacer\" data-id=\"2d5e53\" data-element_type=\"widget\" data-e-type=\"widget\" data-widget_type=\"spacer.default\">\n\t\t\t\t<div class=\"elementor-widget-container\">\n\t\t\t\t\t\t\t<div class=\"elementor-spacer\">\n\t\t\t<div class=\"elementor-spacer-inner\"><\/div>\n\t\t<\/div>\n\t\t\t\t\t\t<\/div>\n\t\t\t\t<\/div>\n\t\t\t\t<div class=\"elementor-element elementor-element-1c540d1 animated-slow elementor-invisible elementor-widget elementor-widget-heading\" data-id=\"1c540d1\" data-element_type=\"widget\" data-e-type=\"widget\" data-settings=\"{&quot;_animation&quot;:&quot;fadeIn&quot;}\" data-widget_type=\"heading.default\">\n\t\t\t\t<div class=\"elementor-widget-container\">\n\t\t\t\t\t<h1 class=\"elementor-heading-title elementor-size-default\">Komitee<\/h1>\t\t\t\t<\/div>\n\t\t\t\t<\/div>\n\t\t\t\t<div class=\"elementor-element elementor-element-99038bd elementor-widget-divider--view-line elementor-widget elementor-widget-divider\" data-id=\"99038bd\" data-element_type=\"widget\" data-e-type=\"widget\" data-widget_type=\"divider.default\">\n\t\t\t\t<div class=\"elementor-widget-container\">\n\t\t\t\t\t\t\t<div class=\"elementor-divider\">\n\t\t\t<span class=\"elementor-divider-separator\">\n\t\t\t\t\t\t<\/span>\n\t\t<\/div>\n\t\t\t\t\t\t<\/div>\n\t\t\t\t<\/div>\n\t\t<div class=\"elementor-element elementor-element-e298b6d e-con-full e-flex e-con e-child\" data-id=\"e298b6d\" data-element_type=\"container\" data-e-type=\"container\">\n\t\t<div class=\"elementor-element elementor-element-aae87ba e-con-full e-flex e-con e-child\" data-id=\"aae87ba\" data-element_type=\"container\" data-e-type=\"container\">\n\t\t\t\t<div class=\"elementor-element elementor-element-694417f elementor-position-top elementor-widget elementor-widget-image-box\" data-id=\"694417f\" data-element_type=\"widget\" data-e-type=\"widget\" data-widget_type=\"image-box.default\">\n\t\t\t\t<div class=\"elementor-widget-container\">\n\t\t\t\t\t<div class=\"elementor-image-box-wrapper\"><figure class=\"elementor-image-box-img\"><img decoding=\"async\" width=\"1919\" height=\"2560\" src=\"https:\/\/abbayedesmacons.netmanage-dev.ch\/wp-content\/uploads\/2025\/11\/Comite-_-Olivier-scaled.jpg\" class=\"attachment-full size-full wp-image-369\" alt=\"\" srcset=\"https:\/\/abbayedesmacons.netmanage-dev.ch\/wp-content\/uploads\/2025\/11\/Comite-_-Olivier-scaled.jpg 1919w, https:\/\/abbayedesmacons.netmanage-dev.ch\/wp-content\/uploads\/2025\/11\/Comite-_-Olivier-225x300.jpg 225w, https:\/\/abbayedesmacons.netmanage-dev.ch\/wp-content\/uploads\/2025\/11\/Comite-_-Olivier-768x1024.jpg 768w, https:\/\/abbayedesmacons.netmanage-dev.ch\/wp-content\/uploads\/2025\/11\/Comite-_-Olivier-1152x1536.jpg 1152w, https:\/\/abbayedesmacons.netmanage-dev.ch\/wp-content\/uploads\/2025\/11\/Comite-_-Olivier-1535x2048.jpg 1535w\" sizes=\"(max-width: 1919px) 100vw, 1919px\" \/><\/figure><div class=\"elementor-image-box-content\"><h3 class=\"elementor-image-box-title\">Olivier Longchamp<\/h3><p class=\"elementor-image-box-description\">Abt Pr\u00e4sident<\/p><\/div><\/div>\t\t\t\t<\/div>\n\t\t\t\t<\/div>\n\t\t\t\t<div class=\"elementor-element elementor-element-da53577 elementor-widget elementor-widget-spacer\" data-id=\"da53577\" data-element_type=\"widget\" data-e-type=\"widget\" data-widget_type=\"spacer.default\">\n\t\t\t\t<div class=\"elementor-widget-container\">\n\t\t\t\t\t\t\t<div class=\"elementor-spacer\">\n\t\t\t<div class=\"elementor-spacer-inner\"><\/div>\n\t\t<\/div>\n\t\t\t\t\t\t<\/div>\n\t\t\t\t<\/div>\n\t\t\t\t<div class=\"elementor-element elementor-element-5d6c8c4 elementor-position-top elementor-widget elementor-widget-image-box\" data-id=\"5d6c8c4\" data-element_type=\"widget\" data-e-type=\"widget\" data-widget_type=\"image-box.default\">\n\t\t\t\t<div class=\"elementor-widget-container\">\n\t\t\t\t\t<div class=\"elementor-image-box-wrapper\"><figure class=\"elementor-image-box-img\"><img decoding=\"async\" width=\"1920\" height=\"2560\" src=\"https:\/\/abbayedesmacons.netmanage-dev.ch\/wp-content\/uploads\/2025\/11\/Comite-_-Pascal-scaled.jpg\" class=\"attachment-full size-full wp-image-370\" alt=\"\" srcset=\"https:\/\/abbayedesmacons.netmanage-dev.ch\/wp-content\/uploads\/2025\/11\/Comite-_-Pascal-scaled.jpg 1920w, https:\/\/abbayedesmacons.netmanage-dev.ch\/wp-content\/uploads\/2025\/11\/Comite-_-Pascal-225x300.jpg 225w, https:\/\/abbayedesmacons.netmanage-dev.ch\/wp-content\/uploads\/2025\/11\/Comite-_-Pascal-768x1024.jpg 768w, https:\/\/abbayedesmacons.netmanage-dev.ch\/wp-content\/uploads\/2025\/11\/Comite-_-Pascal-1152x1536.jpg 1152w, https:\/\/abbayedesmacons.netmanage-dev.ch\/wp-content\/uploads\/2025\/11\/Comite-_-Pascal-1536x2048.jpg 1536w\" sizes=\"(max-width: 1920px) 100vw, 1920px\" \/><\/figure><div class=\"elementor-image-box-content\"><h3 class=\"elementor-image-box-title\">Pascal Clozza<\/h3><p class=\"elementor-image-box-description\">Kanzler<\/p><\/div><\/div>\t\t\t\t<\/div>\n\t\t\t\t<\/div>\n\t\t\t\t<\/div>\n\t\t<div class=\"elementor-element elementor-element-2b69ccb e-con-full e-flex e-con e-child\" data-id=\"2b69ccb\" data-element_type=\"container\" data-e-type=\"container\">\n\t\t\t\t<div class=\"elementor-element elementor-element-b94da72 elementor-position-top elementor-widget elementor-widget-image-box\" data-id=\"b94da72\" data-element_type=\"widget\" data-e-type=\"widget\" data-widget_type=\"image-box.default\">\n\t\t\t\t<div class=\"elementor-widget-container\">\n\t\t\t\t\t<div class=\"elementor-image-box-wrapper\"><figure class=\"elementor-image-box-img\"><img loading=\"lazy\" decoding=\"async\" width=\"1920\" height=\"2560\" src=\"https:\/\/abbayedesmacons.netmanage-dev.ch\/wp-content\/uploads\/2025\/11\/Comite-_-Pierre-scaled.jpg\" class=\"attachment-full size-full wp-image-371\" alt=\"\" srcset=\"https:\/\/abbayedesmacons.netmanage-dev.ch\/wp-content\/uploads\/2025\/11\/Comite-_-Pierre-scaled.jpg 1920w, https:\/\/abbayedesmacons.netmanage-dev.ch\/wp-content\/uploads\/2025\/11\/Comite-_-Pierre-225x300.jpg 225w, https:\/\/abbayedesmacons.netmanage-dev.ch\/wp-content\/uploads\/2025\/11\/Comite-_-Pierre-768x1024.jpg 768w, https:\/\/abbayedesmacons.netmanage-dev.ch\/wp-content\/uploads\/2025\/11\/Comite-_-Pierre-1152x1536.jpg 1152w, https:\/\/abbayedesmacons.netmanage-dev.ch\/wp-content\/uploads\/2025\/11\/Comite-_-Pierre-1536x2048.jpg 1536w\" sizes=\"(max-width: 1920px) 100vw, 1920px\" \/><\/figure><div class=\"elementor-image-box-content\"><h3 class=\"elementor-image-box-title\">Pierre Emonet<\/h3><p class=\"elementor-image-box-description\">1. Meister der Bruderschaft<\/p><\/div><\/div>\t\t\t\t<\/div>\n\t\t\t\t<\/div>\n\t\t\t\t<div class=\"elementor-element elementor-element-5a20e30 elementor-widget elementor-widget-spacer\" data-id=\"5a20e30\" data-element_type=\"widget\" data-e-type=\"widget\" data-widget_type=\"spacer.default\">\n\t\t\t\t<div class=\"elementor-widget-container\">\n\t\t\t\t\t\t\t<div class=\"elementor-spacer\">\n\t\t\t<div class=\"elementor-spacer-inner\"><\/div>\n\t\t<\/div>\n\t\t\t\t\t\t<\/div>\n\t\t\t\t<\/div>\n\t\t\t\t<div class=\"elementor-element elementor-element-745a615 elementor-position-top elementor-widget elementor-widget-image-box\" data-id=\"745a615\" data-element_type=\"widget\" data-e-type=\"widget\" data-widget_type=\"image-box.default\">\n\t\t\t\t<div class=\"elementor-widget-container\">\n\t\t\t\t\t<div class=\"elementor-image-box-wrapper\"><figure class=\"elementor-image-box-img\"><img loading=\"lazy\" decoding=\"async\" width=\"225\" height=\"300\" src=\"https:\/\/abbayedesmacons.netmanage-dev.ch\/wp-content\/uploads\/2025\/11\/Comite-_-Pascal-225x300-1.jpg\" class=\"attachment-full size-full wp-image-445\" alt=\"\" \/><\/figure><div class=\"elementor-image-box-content\"><h3 class=\"elementor-image-box-title\">Abt Jacques Papaux<\/h3><p class=\"elementor-image-box-description\">Seelsorger<\/p><\/div><\/div>\t\t\t\t<\/div>\n\t\t\t\t<\/div>\n\t\t\t\t<\/div>\n\t\t<div class=\"elementor-element elementor-element-45541af e-con-full e-flex e-con e-child\" data-id=\"45541af\" data-element_type=\"container\" data-e-type=\"container\">\n\t\t\t\t<div class=\"elementor-element elementor-element-8d0d701 elementor-position-top elementor-widget elementor-widget-image-box\" data-id=\"8d0d701\" data-element_type=\"widget\" data-e-type=\"widget\" data-widget_type=\"image-box.default\">\n\t\t\t\t<div class=\"elementor-widget-container\">\n\t\t\t\t\t<div class=\"elementor-image-box-wrapper\"><figure class=\"elementor-image-box-img\"><img loading=\"lazy\" decoding=\"async\" width=\"1921\" height=\"2560\" src=\"https:\/\/abbayedesmacons.netmanage-dev.ch\/wp-content\/uploads\/2025\/11\/Comite-_-Alex-scaled.jpg\" class=\"attachment-full size-full wp-image-366\" alt=\"\" srcset=\"https:\/\/abbayedesmacons.netmanage-dev.ch\/wp-content\/uploads\/2025\/11\/Comite-_-Alex-scaled.jpg 1921w, https:\/\/abbayedesmacons.netmanage-dev.ch\/wp-content\/uploads\/2025\/11\/Comite-_-Alex-225x300.jpg 225w, https:\/\/abbayedesmacons.netmanage-dev.ch\/wp-content\/uploads\/2025\/11\/Comite-_-Alex-768x1024.jpg 768w, https:\/\/abbayedesmacons.netmanage-dev.ch\/wp-content\/uploads\/2025\/11\/Comite-_-Alex-1152x1536.jpg 1152w, https:\/\/abbayedesmacons.netmanage-dev.ch\/wp-content\/uploads\/2025\/11\/Comite-_-Alex-1537x2048.jpg 1537w\" sizes=\"(max-width: 1921px) 100vw, 1921px\" \/><\/figure><div class=\"elementor-image-box-content\"><h3 class=\"elementor-image-box-title\">Alex Kaczorowski<\/h3><p class=\"elementor-image-box-description\">2. Meister der Bruderschaft<\/p><\/div><\/div>\t\t\t\t<\/div>\n\t\t\t\t<\/div>\n\t\t\t\t<div class=\"elementor-element elementor-element-d02fe54 elementor-widget elementor-widget-spacer\" data-id=\"d02fe54\" data-element_type=\"widget\" data-e-type=\"widget\" data-widget_type=\"spacer.default\">\n\t\t\t\t<div class=\"elementor-widget-container\">\n\t\t\t\t\t\t\t<div class=\"elementor-spacer\">\n\t\t\t<div class=\"elementor-spacer-inner\"><\/div>\n\t\t<\/div>\n\t\t\t\t\t\t<\/div>\n\t\t\t\t<\/div>\n\t\t\t\t<div class=\"elementor-element elementor-element-f6556d1 elementor-position-top elementor-widget elementor-widget-image-box\" data-id=\"f6556d1\" data-element_type=\"widget\" data-e-type=\"widget\" data-widget_type=\"image-box.default\">\n\t\t\t\t<div class=\"elementor-widget-container\">\n\t\t\t\t\t<div class=\"elementor-image-box-wrapper\"><figure class=\"elementor-image-box-img\"><img loading=\"lazy\" decoding=\"async\" width=\"1920\" height=\"2560\" src=\"https:\/\/abbayedesmacons.netmanage-dev.ch\/wp-content\/uploads\/2025\/11\/Comite-_-Matthieu-scaled.jpg\" class=\"attachment-full size-full wp-image-368\" alt=\"\" srcset=\"https:\/\/abbayedesmacons.netmanage-dev.ch\/wp-content\/uploads\/2025\/11\/Comite-_-Matthieu-scaled.jpg 1920w, https:\/\/abbayedesmacons.netmanage-dev.ch\/wp-content\/uploads\/2025\/11\/Comite-_-Matthieu-225x300.jpg 225w, https:\/\/abbayedesmacons.netmanage-dev.ch\/wp-content\/uploads\/2025\/11\/Comite-_-Matthieu-768x1024.jpg 768w, https:\/\/abbayedesmacons.netmanage-dev.ch\/wp-content\/uploads\/2025\/11\/Comite-_-Matthieu-1152x1536.jpg 1152w, https:\/\/abbayedesmacons.netmanage-dev.ch\/wp-content\/uploads\/2025\/11\/Comite-_-Matthieu-1536x2048.jpg 1536w\" sizes=\"(max-width: 1920px) 100vw, 1920px\" \/><\/figure><div class=\"elementor-image-box-content\"><h3 class=\"elementor-image-box-title\">Matthieu Vonlanthen<\/h3><p class=\"elementor-image-box-description\">Schatzmeister<\/p><\/div><\/div>\t\t\t\t<\/div>\n\t\t\t\t<\/div>\n\t\t\t\t<\/div>\n\t\t\t\t<\/div>\n\t\t\t\t<\/div>\n\t\t\t\t\t<\/div>\n\t\t\t\t<\/div>\n\t\t\t\t<\/div>\n\t\t","protected":false},"excerpt":{"rendered":"<p>Kontakt Abbaye des Ma\u00e7onsp. a UPCFRue de l&rsquo;H\u00f4pital 15CP 5921701 Freiburg E-mail : contact@abbayedesmacons.ch Komitee Olivier Longchamp Abt Pr\u00e4sident Pascal Clozza Kanzler Pierre Emonet 1. Meister der Bruderschaft Abt Jacques Papaux Seelsorger Alex Kaczorowski 2. Meister der Bruderschaft Matthieu Vonlanthen Schatzmeister<\/p>\n","protected":false},"author":2,"featured_media":0,"parent":0,"menu_order":0,"comment_status":"closed","ping_status":"closed","template":"","meta":{"footnotes":""},"class_list":["post-599","page","type-page","status-publish","hentry"],"_links":{"self":[{"href":"https:\/\/abbayedesmacons.netmanage-dev.ch\/index.php?rest_route=\/wp\/v2\/pages\/599","targetHints":{"allow":["GET"]}}],"collection":[{"href":"https:\/\/abbayedesmacons.netmanage-dev.ch\/index.php?rest_route=\/wp\/v2\/pages"}],"about":[{"href":"https:\/\/abbayedesmacons.netmanage-dev.ch\/index.php?rest_route=\/wp\/v2\/types\/page"}],"author":[{"embeddable":true,"href":"https:\/\/abbayedesmacons.netmanage-dev.ch\/index.php?rest_route=\/wp\/v2\/users\/2"}],"replies":[{"embeddable":true,"href":"https:\/\/abbayedesmacons.netmanage-dev.ch\/index.php?rest_route=%2Fwp%2Fv2%2Fcomments&post=599"}],"version-history":[{"count":7,"href":"https:\/\/abbayedesmacons.netmanage-dev.ch\/index.php?rest_route=\/wp\/v2\/pages\/599\/revisions"}],"predecessor-version":[{"id":606,"href":"https:\/\/abbayedesmacons.netmanage-dev.ch\/index.php?rest_route=\/wp\/v2\/pages\/599\/revisions\/606"}],"wp:attachment":[{"href":"https:\/\/abbayedesmacons.netmanage-dev.ch\/index.php?rest_route=%2Fwp%2Fv2%2Fmedia&parent=599"}],"curies":[{"name":"wp","href":"https:\/\/api.w.org\/{rel}","templated":true}]}}