{"id":607,"date":"2026-02-18T14:15:45","date_gmt":"2026-02-18T14:15:45","guid":{"rendered":"http:\/\/abbayedesmacons.netmanage-dev.ch\/?page_id=607"},"modified":"2026-02-18T14:21:46","modified_gmt":"2026-02-18T14:21:46","slug":"geschichte","status":"publish","type":"page","link":"https:\/\/abbayedesmacons.netmanage-dev.ch\/?page_id=607&lang=de-de","title":{"rendered":"Geschichte"},"content":{"rendered":"\t\t<div data-elementor-type=\"wp-page\" data-elementor-id=\"607\" class=\"elementor elementor-607\" data-elementor-post-type=\"page\">\n\t\t\t\t<div class=\"elementor-element elementor-element-6a157fd e-flex e-con-boxed e-con e-parent\" data-id=\"6a157fd\" data-element_type=\"container\" data-e-type=\"container\" data-settings=\"{&quot;background_background&quot;:&quot;classic&quot;}\">\n\t\t\t\t\t<div class=\"e-con-inner\">\n\t\t\t\t<div class=\"elementor-element elementor-element-5e0b687 elementor-widget elementor-widget-spacer\" data-id=\"5e0b687\" data-element_type=\"widget\" data-e-type=\"widget\" data-widget_type=\"spacer.default\">\n\t\t\t\t<div class=\"elementor-widget-container\">\n\t\t\t\t\t\t\t<div class=\"elementor-spacer\">\n\t\t\t<div class=\"elementor-spacer-inner\"><\/div>\n\t\t<\/div>\n\t\t\t\t\t\t<\/div>\n\t\t\t\t<\/div>\n\t\t\t\t<div class=\"elementor-element elementor-element-4346fee elementor-widget elementor-widget-image\" data-id=\"4346fee\" data-element_type=\"widget\" data-e-type=\"widget\" data-widget_type=\"image.default\">\n\t\t\t\t<div class=\"elementor-widget-container\">\n\t\t\t\t\t\t\t\t\t\t\t\t\t\t\t<img fetchpriority=\"high\" decoding=\"async\" width=\"999\" height=\"775\" src=\"https:\/\/abbayedesmacons.netmanage-dev.ch\/wp-content\/uploads\/2025\/02\/Abbaye_des_Macons_60_noir.png\" class=\"attachment-full size-full wp-image-265\" alt=\"\" srcset=\"https:\/\/abbayedesmacons.netmanage-dev.ch\/wp-content\/uploads\/2025\/02\/Abbaye_des_Macons_60_noir.png 999w, https:\/\/abbayedesmacons.netmanage-dev.ch\/wp-content\/uploads\/2025\/02\/Abbaye_des_Macons_60_noir-300x233.png 300w, https:\/\/abbayedesmacons.netmanage-dev.ch\/wp-content\/uploads\/2025\/02\/Abbaye_des_Macons_60_noir-768x596.png 768w\" sizes=\"(max-width: 999px) 100vw, 999px\" \/>\t\t\t\t\t\t\t\t\t\t\t\t\t\t\t<\/div>\n\t\t\t\t<\/div>\n\t\t\t\t\t<\/div>\n\t\t\t\t<\/div>\n\t\t<div class=\"elementor-element elementor-element-5adf19f5 e-flex e-con-boxed e-con e-parent\" data-id=\"5adf19f5\" data-element_type=\"container\" data-e-type=\"container\" data-settings=\"{&quot;background_background&quot;:&quot;classic&quot;}\">\n\t\t\t\t\t<div class=\"e-con-inner\">\n\t\t<div class=\"elementor-element elementor-element-4c6de797 e-con-full e-flex e-con e-child\" data-id=\"4c6de797\" data-element_type=\"container\" data-e-type=\"container\" data-settings=\"{&quot;background_background&quot;:&quot;classic&quot;}\">\n\t\t\t\t<div class=\"elementor-element elementor-element-62dc744c elementor-widget elementor-widget-heading\" data-id=\"62dc744c\" data-element_type=\"widget\" data-e-type=\"widget\" data-widget_type=\"heading.default\">\n\t\t\t\t<div class=\"elementor-widget-container\">\n\t\t\t\t\t<h2 class=\"elementor-heading-title elementor-size-default\"> GESCHICHTE<\/h2>\t\t\t\t<\/div>\n\t\t\t\t<\/div>\n\t\t\t\t<div class=\"elementor-element elementor-element-211f0ec5 elementor-invisible elementor-widget elementor-widget-text-editor\" data-id=\"211f0ec5\" data-element_type=\"widget\" data-e-type=\"widget\" data-settings=\"{&quot;_animation&quot;:&quot;fadeIn&quot;,&quot;_animation_delay&quot;:200}\" data-widget_type=\"text-editor.default\">\n\t\t\t\t<div class=\"elementor-widget-container\">\n\t\t\t\t\t\t\t\t\t<p>Seit 1370, dem Gr\u00fcndungsjahr der Abbaye des Ma\u00e7ons, bilden die Mitglieder eine Zunft, deren Ziel es ist, alle Akteure des Bauwesens in der Stadt Freiburg und ihrer Umgebung zusammenzubringen.<\/p><p>Die Z\u00fcnfte haben ihren Ursprung in den Bruderschaften des 12. Jahrhunderts, die das soziale und religi\u00f6se Leben strukturierten. Diese trafen sich zu Messen und Mahlzeiten. Aus der Notwendigkeit heraus, die berufliche T\u00e4tigkeit innerhalb der St\u00e4dte zu strukturieren, entwickelten sich die Abteien und \u00fcbernahmen die Rolle der Bruderschaften. Im Laufe der Zeit und mit zunehmender sozialer und politischer Bedeutung mussten die Abteien Feste und Kriegsanstrengungen finanzieren. Schlie\u00dflich \u00fcbernahm der Staat die Kontrolle \u00fcber die Ausbildung und berufliche Betreuung und verwies die Abteien in den beruflichen Bereich in eine untergeordnete Rolle.<\/p>\t\t\t\t\t\t\t\t<\/div>\n\t\t\t\t<\/div>\n\t\t\t\t<\/div>\n\t\t\t\t\t<\/div>\n\t\t\t\t<\/div>\n\t\t<div class=\"elementor-element elementor-element-59332c97 e-flex e-con-boxed e-con e-parent\" data-id=\"59332c97\" data-element_type=\"container\" data-e-type=\"container\">\n\t\t\t\t\t<div class=\"e-con-inner\">\n\t\t<div class=\"elementor-element elementor-element-5c1b04ff e-flex e-con-boxed e-con e-child\" data-id=\"5c1b04ff\" data-element_type=\"container\" data-e-type=\"container\">\n\t\t\t\t\t<div class=\"e-con-inner\">\n\t\t\t\t<div class=\"elementor-element elementor-element-46d155fd elementor-widget elementor-widget-spacer\" data-id=\"46d155fd\" data-element_type=\"widget\" data-e-type=\"widget\" data-widget_type=\"spacer.default\">\n\t\t\t\t<div class=\"elementor-widget-container\">\n\t\t\t\t\t\t\t<div class=\"elementor-spacer\">\n\t\t\t<div class=\"elementor-spacer-inner\"><\/div>\n\t\t<\/div>\n\t\t\t\t\t\t<\/div>\n\t\t\t\t<\/div>\n\t\t\t\t<div class=\"elementor-element elementor-element-564dcfa animated-slow elementor-invisible elementor-widget elementor-widget-heading\" data-id=\"564dcfa\" data-element_type=\"widget\" data-e-type=\"widget\" data-settings=\"{&quot;_animation&quot;:&quot;fadeIn&quot;}\" data-widget_type=\"heading.default\">\n\t\t\t\t<div class=\"elementor-widget-container\">\n\t\t\t\t\t<h1 class=\"elementor-heading-title elementor-size-default\">Wichtige Daten<\/h1>\t\t\t\t<\/div>\n\t\t\t\t<\/div>\n\t\t\t\t<div class=\"elementor-element elementor-element-df0fb80 elementor-widget-divider--view-line elementor-widget elementor-widget-divider\" data-id=\"df0fb80\" data-element_type=\"widget\" data-e-type=\"widget\" data-widget_type=\"divider.default\">\n\t\t\t\t<div class=\"elementor-widget-container\">\n\t\t\t\t\t\t\t<div class=\"elementor-divider\">\n\t\t\t<span class=\"elementor-divider-separator\">\n\t\t\t\t\t\t<\/span>\n\t\t<\/div>\n\t\t\t\t\t\t<\/div>\n\t\t\t\t<\/div>\n\t\t\t\t<div class=\"elementor-element elementor-element-970824e elementor-widget elementor-widget-icon-box\" data-id=\"970824e\" data-element_type=\"widget\" data-e-type=\"widget\" data-widget_type=\"icon-box.default\">\n\t\t\t\t<div class=\"elementor-widget-container\">\n\t\t\t\t\t\t\t<div class=\"elementor-icon-box-wrapper\">\n\n\t\t\t\n\t\t\t\t\t\t<div class=\"elementor-icon-box-content\">\n\n\t\t\t\t\t\t\t\t\t<p class=\"elementor-icon-box-title\">\n\t\t\t\t\t\t<span  >\n\t\t\t\t\t\t\t1157\t\t\t\t\t\t<\/span>\n\t\t\t\t\t<\/p>\n\t\t\t\t\n\t\t\t\t\t\t\t\t\t<p class=\"elementor-icon-box-description\">\n\t\t\t\t\t\tGr\u00fcndung der Stadt Freiburg und Beginn der Organisation der Arbeit im Gewerbe\t\t\t\t\t<\/p>\n\t\t\t\t\n\t\t\t<\/div>\n\t\t\t\n\t\t<\/div>\n\t\t\t\t\t\t<\/div>\n\t\t\t\t<\/div>\n\t\t\t\t<div class=\"elementor-element elementor-element-ba8166d elementor-widget elementor-widget-icon-box\" data-id=\"ba8166d\" data-element_type=\"widget\" data-e-type=\"widget\" data-widget_type=\"icon-box.default\">\n\t\t\t\t<div class=\"elementor-widget-container\">\n\t\t\t\t\t\t\t<div class=\"elementor-icon-box-wrapper\">\n\n\t\t\t\n\t\t\t\t\t\t<div class=\"elementor-icon-box-content\">\n\n\t\t\t\t\t\t\t\t\t<p class=\"elementor-icon-box-title\">\n\t\t\t\t\t\t<span  >\n\t\t\t\t\t\t\t1370\t\t\t\t\t\t<\/span>\n\t\t\t\t\t<\/p>\n\t\t\t\t\n\t\t\t\t\t\t\t\t\t<p class=\"elementor-icon-box-description\">\n\t\t\t\t\t\tGr\u00fcndung der Maurerabtei, ohne schriftliche Quelle\t\t\t\t\t<\/p>\n\t\t\t\t\n\t\t\t<\/div>\n\t\t\t\n\t\t<\/div>\n\t\t\t\t\t\t<\/div>\n\t\t\t\t<\/div>\n\t\t\t\t<div class=\"elementor-element elementor-element-2dcc548 elementor-widget elementor-widget-icon-box\" data-id=\"2dcc548\" data-element_type=\"widget\" data-e-type=\"widget\" data-widget_type=\"icon-box.default\">\n\t\t\t\t<div class=\"elementor-widget-container\">\n\t\t\t\t\t\t\t<div class=\"elementor-icon-box-wrapper\">\n\n\t\t\t\n\t\t\t\t\t\t<div class=\"elementor-icon-box-content\">\n\n\t\t\t\t\t\t\t\t\t<p class=\"elementor-icon-box-title\">\n\t\t\t\t\t\t<span  >\n\t\t\t\t\t\t\t1391\t\t\t\t\t\t<\/span>\n\t\t\t\t\t<\/p>\n\t\t\t\t\n\t\t\t\t\t\t\t\t\t<p class=\"elementor-icon-box-description\">\n\t\t\t\t\t\tErste schriftliche Erw\u00e4hnung der Maurerzunft in schriftlichen Quellen\t\t\t\t\t<\/p>\n\t\t\t\t\n\t\t\t<\/div>\n\t\t\t\n\t\t<\/div>\n\t\t\t\t\t\t<\/div>\n\t\t\t\t<\/div>\n\t\t\t\t<div class=\"elementor-element elementor-element-9701ac3 elementor-widget elementor-widget-icon-box\" data-id=\"9701ac3\" data-element_type=\"widget\" data-e-type=\"widget\" data-widget_type=\"icon-box.default\">\n\t\t\t\t<div class=\"elementor-widget-container\">\n\t\t\t\t\t\t\t<div class=\"elementor-icon-box-wrapper\">\n\n\t\t\t\n\t\t\t\t\t\t<div class=\"elementor-icon-box-content\">\n\n\t\t\t\t\t\t\t\t\t<p class=\"elementor-icon-box-title\">\n\t\t\t\t\t\t<span  >\n\t\t\t\t\t\t\t1505\t\t\t\t\t\t<\/span>\n\t\t\t\t\t<\/p>\n\t\t\t\t\n\t\t\t\t\t\t\t\t\t<p class=\"elementor-icon-box-description\">\n\t\t\t\t\t\tReform der Z\u00fcnfte\t\t\t\t\t<\/p>\n\t\t\t\t\n\t\t\t<\/div>\n\t\t\t\n\t\t<\/div>\n\t\t\t\t\t\t<\/div>\n\t\t\t\t<\/div>\n\t\t\t\t<div class=\"elementor-element elementor-element-dd1b95e elementor-widget elementor-widget-icon-box\" data-id=\"dd1b95e\" data-element_type=\"widget\" data-e-type=\"widget\" data-widget_type=\"icon-box.default\">\n\t\t\t\t<div class=\"elementor-widget-container\">\n\t\t\t\t\t\t\t<div class=\"elementor-icon-box-wrapper\">\n\n\t\t\t\n\t\t\t\t\t\t<div class=\"elementor-icon-box-content\">\n\n\t\t\t\t\t\t\t\t\t<p class=\"elementor-icon-box-title\">\n\t\t\t\t\t\t<span  >\n\t\t\t\t\t\t\t1541\t\t\t\t\t\t<\/span>\n\t\t\t\t\t<\/p>\n\t\t\t\t\n\t\t\t\t\t\t\t\t\t<p class=\"elementor-icon-box-description\">\n\t\t\t\t\t\tTrennung der Maurerzunft von den Zimmerleuten\t\t\t\t\t<\/p>\n\t\t\t\t\n\t\t\t<\/div>\n\t\t\t\n\t\t<\/div>\n\t\t\t\t\t\t<\/div>\n\t\t\t\t<\/div>\n\t\t\t\t<div class=\"elementor-element elementor-element-1d3de09 elementor-widget elementor-widget-icon-box\" data-id=\"1d3de09\" data-element_type=\"widget\" data-e-type=\"widget\" data-widget_type=\"icon-box.default\">\n\t\t\t\t<div class=\"elementor-widget-container\">\n\t\t\t\t\t\t\t<div class=\"elementor-icon-box-wrapper\">\n\n\t\t\t\n\t\t\t\t\t\t<div class=\"elementor-icon-box-content\">\n\n\t\t\t\t\t\t\t\t\t<p class=\"elementor-icon-box-title\">\n\t\t\t\t\t\t<span  >\n\t\t\t\t\t\t\t1560\t\t\t\t\t\t<\/span>\n\t\t\t\t\t<\/p>\n\t\t\t\t\n\t\t\t\t\t\t\t\t\t<p class=\"elementor-icon-box-description\">\n\t\t\t\t\t\tUnabh\u00e4ngigkeit der Maurerzunft \t\t\t\t\t<\/p>\n\t\t\t\t\n\t\t\t<\/div>\n\t\t\t\n\t\t<\/div>\n\t\t\t\t\t\t<\/div>\n\t\t\t\t<\/div>\n\t\t\t\t<div class=\"elementor-element elementor-element-f143024 elementor-widget elementor-widget-icon-box\" data-id=\"f143024\" data-element_type=\"widget\" data-e-type=\"widget\" data-widget_type=\"icon-box.default\">\n\t\t\t\t<div class=\"elementor-widget-container\">\n\t\t\t\t\t\t\t<div class=\"elementor-icon-box-wrapper\">\n\n\t\t\t\n\t\t\t\t\t\t<div class=\"elementor-icon-box-content\">\n\n\t\t\t\t\t\t\t\t\t<p class=\"elementor-icon-box-title\">\n\t\t\t\t\t\t<span  >\n\t\t\t\t\t\t\t1771 \u00e0 1798\t\t\t\t\t\t<\/span>\n\t\t\t\t\t<\/p>\n\t\t\t\t\n\t\t\t\t\t\t\t\t\t<p class=\"elementor-icon-box-description\">\n\t\t\t\t\t\tReformen der Abteien\t\t\t\t\t<\/p>\n\t\t\t\t\n\t\t\t<\/div>\n\t\t\t\n\t\t<\/div>\n\t\t\t\t\t\t<\/div>\n\t\t\t\t<\/div>\n\t\t\t\t<div class=\"elementor-element elementor-element-151999e elementor-widget elementor-widget-icon-box\" data-id=\"151999e\" data-element_type=\"widget\" data-e-type=\"widget\" data-widget_type=\"icon-box.default\">\n\t\t\t\t<div class=\"elementor-widget-container\">\n\t\t\t\t\t\t\t<div class=\"elementor-icon-box-wrapper\">\n\n\t\t\t\n\t\t\t\t\t\t<div class=\"elementor-icon-box-content\">\n\n\t\t\t\t\t\t\t\t\t<p class=\"elementor-icon-box-title\">\n\t\t\t\t\t\t<span  >\n\t\t\t\t\t\t\t1874\t\t\t\t\t\t<\/span>\n\t\t\t\t\t<\/p>\n\t\t\t\t\n\t\t\t\t\t\t\t\t\t<p class=\"elementor-icon-box-description\">\n\t\t\t\t\t\tGr\u00fcndung der Fondation Perroulaz\t\t\t\t\t<\/p>\n\t\t\t\t\n\t\t\t<\/div>\n\t\t\t\n\t\t<\/div>\n\t\t\t\t\t\t<\/div>\n\t\t\t\t<\/div>\n\t\t\t\t<div class=\"elementor-element elementor-element-cc30905 elementor-widget elementor-widget-icon-box\" data-id=\"cc30905\" data-element_type=\"widget\" data-e-type=\"widget\" data-widget_type=\"icon-box.default\">\n\t\t\t\t<div class=\"elementor-widget-container\">\n\t\t\t\t\t\t\t<div class=\"elementor-icon-box-wrapper\">\n\n\t\t\t\n\t\t\t\t\t\t<div class=\"elementor-icon-box-content\">\n\n\t\t\t\t\t\t\t\t\t<p class=\"elementor-icon-box-title\">\n\t\t\t\t\t\t<span  >\n\t\t\t\t\t\t\t1970\t\t\t\t\t\t<\/span>\n\t\t\t\t\t<\/p>\n\t\t\t\t\n\t\t\t\t\t\t\t\t\t<p class=\"elementor-icon-box-description\">\n\t\t\t\t\t\t600-j\u00e4hriges Jubil\u00e4um \u2013 die Abtei stiftet ein Glasfenster der Krippe St-Etienne (von Nortmann und Fleckner) und l\u00e4sst eine Lithografie anfertigen (von J-B Dupraz)1990hographie (r\u00e9alis\u00e9 par J-B Dupraz)\t\t\t\t\t<\/p>\n\t\t\t\t\n\t\t\t<\/div>\n\t\t\t\n\t\t<\/div>\n\t\t\t\t\t\t<\/div>\n\t\t\t\t<\/div>\n\t\t\t\t<div class=\"elementor-element elementor-element-1cbf977 elementor-widget elementor-widget-icon-box\" data-id=\"1cbf977\" data-element_type=\"widget\" data-e-type=\"widget\" data-widget_type=\"icon-box.default\">\n\t\t\t\t<div class=\"elementor-widget-container\">\n\t\t\t\t\t\t\t<div class=\"elementor-icon-box-wrapper\">\n\n\t\t\t\n\t\t\t\t\t\t<div class=\"elementor-icon-box-content\">\n\n\t\t\t\t\t\t\t\t\t<p class=\"elementor-icon-box-title\">\n\t\t\t\t\t\t<span  >\n\t\t\t\t\t\t\t1990\t\t\t\t\t\t<\/span>\n\t\t\t\t\t<\/p>\n\t\t\t\t\n\t\t\t\t\t\t\t\t\t<p class=\"elementor-icon-box-description\">\n\t\t\t\t\t\tErste Frau in der Abtei: Staatsr\u00e4tin Roseline Crausaz\t\t\t\t\t<\/p>\n\t\t\t\t\n\t\t\t<\/div>\n\t\t\t\n\t\t<\/div>\n\t\t\t\t\t\t<\/div>\n\t\t\t\t<\/div>\n\t\t\t\t<div class=\"elementor-element elementor-element-bc19390 elementor-widget elementor-widget-icon-box\" data-id=\"bc19390\" data-element_type=\"widget\" data-e-type=\"widget\" data-widget_type=\"icon-box.default\">\n\t\t\t\t<div class=\"elementor-widget-container\">\n\t\t\t\t\t\t\t<div class=\"elementor-icon-box-wrapper\">\n\n\t\t\t\n\t\t\t\t\t\t<div class=\"elementor-icon-box-content\">\n\n\t\t\t\t\t\t\t\t\t<p class=\"elementor-icon-box-title\">\n\t\t\t\t\t\t<span  >\n\t\t\t\t\t\t\t2020\t\t\t\t\t\t<\/span>\n\t\t\t\t\t<\/p>\n\t\t\t\t\n\t\t\t\t\t\t\t\t\t<p class=\"elementor-icon-box-description\">\n\t\t\t\t\t\t650-j\u00e4hriges der Abtei, aufgrund von COVID auf 2021 verschoben\t\t\t\t\t<\/p>\n\t\t\t\t\n\t\t\t<\/div>\n\t\t\t\n\t\t<\/div>\n\t\t\t\t\t\t<\/div>\n\t\t\t\t<\/div>\n\t\t\t\t<div class=\"elementor-element elementor-element-e03613c elementor-widget elementor-widget-icon-box\" data-id=\"e03613c\" data-element_type=\"widget\" data-e-type=\"widget\" data-widget_type=\"icon-box.default\">\n\t\t\t\t<div class=\"elementor-widget-container\">\n\t\t\t\t\t\t\t<div class=\"elementor-icon-box-wrapper\">\n\n\t\t\t\n\t\t\t\t\t\t<div class=\"elementor-icon-box-content\">\n\n\t\t\t\t\t\t\t\t\t<p class=\"elementor-icon-box-title\">\n\t\t\t\t\t\t<span  >\n\t\t\t\t\t\t\t2021\t\t\t\t\t\t<\/span>\n\t\t\t\t\t<\/p>\n\t\t\t\t\n\t\t\t\t\t\t\t\t\t<p class=\"elementor-icon-box-description\">\n\t\t\t\t\t\t650-j\u00e4hriges Jubil\u00e4um der Abtei und Erstellung einer Lithografie (von S. Rey)\t\t\t\t\t<\/p>\n\t\t\t\t\n\t\t\t<\/div>\n\t\t\t\n\t\t<\/div>\n\t\t\t\t\t\t<\/div>\n\t\t\t\t<\/div>\n\t\t\t\t<div class=\"elementor-element elementor-element-7646246 elementor-widget elementor-widget-spacer\" data-id=\"7646246\" data-element_type=\"widget\" data-e-type=\"widget\" data-widget_type=\"spacer.default\">\n\t\t\t\t<div class=\"elementor-widget-container\">\n\t\t\t\t\t\t\t<div class=\"elementor-spacer\">\n\t\t\t<div class=\"elementor-spacer-inner\"><\/div>\n\t\t<\/div>\n\t\t\t\t\t\t<\/div>\n\t\t\t\t<\/div>\n\t\t\t\t\t<\/div>\n\t\t\t\t<\/div>\n\t\t<div class=\"elementor-element elementor-element-a504ba5 e-con-full e-flex e-con e-child\" data-id=\"a504ba5\" data-element_type=\"container\" data-e-type=\"container\">\n\t\t\t\t<div class=\"elementor-element elementor-element-f5034f7 animated-slow elementor-invisible elementor-widget elementor-widget-heading\" data-id=\"f5034f7\" data-element_type=\"widget\" data-e-type=\"widget\" data-settings=\"{&quot;_animation&quot;:&quot;fadeIn&quot;}\" data-widget_type=\"heading.default\">\n\t\t\t\t<div class=\"elementor-widget-container\">\n\t\t\t\t\t<h1 class=\"elementor-heading-title elementor-size-default\">Ursprung<\/h1>\t\t\t\t<\/div>\n\t\t\t\t<\/div>\n\t\t\t\t<div class=\"elementor-element elementor-element-5143729 elementor-widget-divider--view-line elementor-widget elementor-widget-divider\" data-id=\"5143729\" data-element_type=\"widget\" data-e-type=\"widget\" data-widget_type=\"divider.default\">\n\t\t\t\t<div class=\"elementor-widget-container\">\n\t\t\t\t\t\t\t<div class=\"elementor-divider\">\n\t\t\t<span class=\"elementor-divider-separator\">\n\t\t\t\t\t\t<\/span>\n\t\t<\/div>\n\t\t\t\t\t\t<\/div>\n\t\t\t\t<\/div>\n\t\t\t\t<div class=\"elementor-element elementor-element-714d8ce elementor-widget elementor-widget-text-editor\" data-id=\"714d8ce\" data-element_type=\"widget\" data-e-type=\"widget\" data-widget_type=\"text-editor.default\">\n\t\t\t\t<div class=\"elementor-widget-container\">\n\t\t\t\t\t\t\t\t\t<p>Die Geschichte der Z\u00fcnfte in Freiburg ist durch einen Mangel an schriftlichen Quellen gepr\u00e4gt, doch lassen sich ihre Urspr\u00fcnge anhand der Praktiken religi\u00f6ser Bruderschaften zur\u00fcckverfolgen, die seit dem 13. Jahrhundert bestehenden. Hier eine Zusammenfassung der wichtigsten Punkte:<\/p><p>marqu\u00e9e par un manque de sources \u00e9crites, mais on peut tracer leurs origines \u00e0 travers les pratiques des confr\u00e9ries religieuses existantes depuis le XIIIe si\u00e8cle. Voici un r\u00e9sum\u00e9 des points importants :<\/p>\t\t\t\t\t\t\t\t<\/div>\n\t\t\t\t<\/div>\n\t\t<div class=\"elementor-element elementor-element-72df4e3 e-con-full e-flex e-con e-child\" data-id=\"72df4e3\" data-element_type=\"container\" data-e-type=\"container\" data-settings=\"{&quot;background_background&quot;:&quot;classic&quot;}\">\n\t\t\t\t<div class=\"elementor-element elementor-element-ff090d4 elementor-widget elementor-widget-heading\" data-id=\"ff090d4\" data-element_type=\"widget\" data-e-type=\"widget\" data-widget_type=\"heading.default\">\n\t\t\t\t<div class=\"elementor-widget-container\">\n\t\t\t\t\t<h6 class=\"elementor-heading-title elementor-size-default\">Bereits bestehende religi\u00f6se Bruderschaft<\/h6>\t\t\t\t<\/div>\n\t\t\t\t<\/div>\n\t\t\t\t<div class=\"elementor-element elementor-element-ff76a67 elementor-widget elementor-widget-text-editor\" data-id=\"ff76a67\" data-element_type=\"widget\" data-e-type=\"widget\" data-widget_type=\"text-editor.default\">\n\t\t\t\t<div class=\"elementor-widget-container\">\n\t\t\t\t\t\t\t\t\t<p>Vor den Z\u00fcnften gab es Bruderschaften wie die des Heiligen Geistes, die f\u00fcr das Krankenhaus zust\u00e4ndig war, und die von St. Martin, die religi\u00f6se und soziale Aktivit\u00e4ten organisierte.<\/p>\t\t\t\t\t\t\t\t<\/div>\n\t\t\t\t<\/div>\n\t\t\t\t<\/div>\n\t\t<div class=\"elementor-element elementor-element-caba959 e-con-full e-flex e-con e-child\" data-id=\"caba959\" data-element_type=\"container\" data-e-type=\"container\" data-settings=\"{&quot;background_background&quot;:&quot;classic&quot;}\">\n\t\t\t\t<div class=\"elementor-element elementor-element-5d9b258 elementor-widget elementor-widget-heading\" data-id=\"5d9b258\" data-element_type=\"widget\" data-e-type=\"widget\" data-widget_type=\"heading.default\">\n\t\t\t\t<div class=\"elementor-widget-container\">\n\t\t\t\t\t<h6 class=\"elementor-heading-title elementor-size-default\">Praxis der Bruderschaften<\/h6>\t\t\t\t<\/div>\n\t\t\t\t<\/div>\n\t\t\t\t<div class=\"elementor-element elementor-element-7a3f9bd elementor-widget elementor-widget-text-editor\" data-id=\"7a3f9bd\" data-element_type=\"widget\" data-e-type=\"widget\" data-widget_type=\"text-editor.default\">\n\t\t\t\t<div class=\"elementor-widget-container\">\n\t\t\t\t\t\t\t\t\t<p>Die Mitglieder versammelten sich zu Messen und gemeinsamen Mahlzeiten, unterst\u00fctzten bed\u00fcrftige Mitglieder und feierten das Andenken an Verstorbene.<\/p>\t\t\t\t\t\t\t\t<\/div>\n\t\t\t\t<\/div>\n\t\t\t\t<\/div>\n\t\t<div class=\"elementor-element elementor-element-9ebfb30 e-con-full e-flex e-con e-child\" data-id=\"9ebfb30\" data-element_type=\"container\" data-e-type=\"container\" data-settings=\"{&quot;background_background&quot;:&quot;classic&quot;}\">\n\t\t\t\t<div class=\"elementor-element elementor-element-52842f5 elementor-widget elementor-widget-heading\" data-id=\"52842f5\" data-element_type=\"widget\" data-e-type=\"widget\" data-widget_type=\"heading.default\">\n\t\t\t\t<div class=\"elementor-widget-container\">\n\t\t\t\t\t<h6 class=\"elementor-heading-title elementor-size-default\">\u00dcbergang zu den Z\u00fcnften<\/h6>\t\t\t\t<\/div>\n\t\t\t\t<\/div>\n\t\t\t\t<div class=\"elementor-element elementor-element-6d88af4 elementor-widget elementor-widget-text-editor\" data-id=\"6d88af4\" data-element_type=\"widget\" data-e-type=\"widget\" data-widget_type=\"text-editor.default\">\n\t\t\t\t<div class=\"elementor-widget-container\">\n\t\t\t\t\t\t\t\t\t<p>Diese Praktiken wurden in die Z\u00fcnfte integriert, die ebenfalls einen religi\u00f6sen Charakter annahmen, indem sie sich \u201eAbteien\u201d nannten.<\/p>\t\t\t\t\t\t\t\t<\/div>\n\t\t\t\t<\/div>\n\t\t\t\t<\/div>\n\t\t<div class=\"elementor-element elementor-element-caf1e86 e-con-full e-flex e-con e-child\" data-id=\"caf1e86\" data-element_type=\"container\" data-e-type=\"container\" data-settings=\"{&quot;background_background&quot;:&quot;classic&quot;}\">\n\t\t\t\t<div class=\"elementor-element elementor-element-053c2cb elementor-widget elementor-widget-heading\" data-id=\"053c2cb\" data-element_type=\"widget\" data-e-type=\"widget\" data-widget_type=\"heading.default\">\n\t\t\t\t<div class=\"elementor-widget-container\">\n\t\t\t\t\t<h6 class=\"elementor-heading-title elementor-size-default\">Staatliche Kontrolle<\/h6>\t\t\t\t<\/div>\n\t\t\t\t<\/div>\n\t\t\t\t<div class=\"elementor-element elementor-element-6be57b4 elementor-widget elementor-widget-text-editor\" data-id=\"6be57b4\" data-element_type=\"widget\" data-e-type=\"widget\" data-widget_type=\"text-editor.default\">\n\t\t\t\t<div class=\"elementor-widget-container\">\n\t\t\t\t\t\t\t\t\t<p>In den Jahren 1363 und 1388 verh\u00e4ngte die Regierung von Freiburg Beschr\u00e4nkungen f\u00fcr die Erstellung von Statuten und die Organisation von Versammlungen durch B\u00fcrger und Handwerker, wobei die Genehmigung des Rates erforderlich war, andernfalls drohten strenge Sanktionen.<\/p>\t\t\t\t\t\t\t\t<\/div>\n\t\t\t\t<\/div>\n\t\t\t\t<\/div>\n\t\t<div class=\"elementor-element elementor-element-e52a44f e-con-full e-flex e-con e-child\" data-id=\"e52a44f\" data-element_type=\"container\" data-e-type=\"container\" data-settings=\"{&quot;background_background&quot;:&quot;classic&quot;}\">\n\t\t\t\t<div class=\"elementor-element elementor-element-79e8bed elementor-widget elementor-widget-heading\" data-id=\"79e8bed\" data-element_type=\"widget\" data-e-type=\"widget\" data-widget_type=\"heading.default\">\n\t\t\t\t<div class=\"elementor-widget-container\">\n\t\t\t\t\t<h6 class=\"elementor-heading-title elementor-size-default\">Politischer Kontext<\/h6>\t\t\t\t<\/div>\n\t\t\t\t<\/div>\n\t\t\t\t<div class=\"elementor-element elementor-element-4500f7b elementor-widget elementor-widget-text-editor\" data-id=\"4500f7b\" data-element_type=\"widget\" data-e-type=\"widget\" data-widget_type=\"text-editor.default\">\n\t\t\t\t<div class=\"elementor-widget-container\">\n\t\t\t\t\t\t\t\t\t<p>Diese Ma\u00dfnahmen spiegeln die politische Vorsicht Freiburgs wider, wo die Z\u00fcnfte streng \u00fcberwacht wurden, im Gegensatz zu anderen St\u00e4dten, in denen sie eine bedeutende politische Rolle erlangt hatten.<\/p>\t\t\t\t\t\t\t\t<\/div>\n\t\t\t\t<\/div>\n\t\t\t\t<\/div>\n\t\t\t\t<div class=\"elementor-element elementor-element-9c286e2 elementor-widget elementor-widget-text-editor\" data-id=\"9c286e2\" data-element_type=\"widget\" data-e-type=\"widget\" data-widget_type=\"text-editor.default\">\n\t\t\t\t<div class=\"elementor-widget-container\">\n\t\t\t\t\t\t\t\t\t<p>Diese Elemente veranschaulichen, wie die Z\u00fcnfte und Handwerksvereinigungen in Freiburg vor dem Hintergrund politischer Kontrolle und religi\u00f6ser Traditionen gegr\u00fcndet und reguliert wurden.<\/p><p>Die Organisation von Veranstaltungen und die Verwaltung bestimmter Aspekte des Milit\u00e4rlebens oblagen urspr\u00fcnglich ebenfalls den Z\u00fcnften und Bruderschaften der Stadt Freiburg. Die finanziellen und organisatorischen Auswirkungen waren so gro\u00df, dass ab Mitte des 16. Jahrhunderts auch bestimmte Adelsfamilien und der Stadtrat an diesen Aufgaben beteiligt werden mussten. Die folgenden Punkte veranschaulichen die wirtschaftlichen Herausforderungen, mit denen die Z\u00fcnfte konfrontiert waren, und die Ma\u00dfnahmen, die ergriffen wurden, um diese zu bew\u00e4ltigen.<\/p>\t\t\t\t\t\t\t\t<\/div>\n\t\t\t\t<\/div>\n\t\t<div class=\"elementor-element elementor-element-29075ed e-con-full e-flex e-con e-child\" data-id=\"29075ed\" data-element_type=\"container\" data-e-type=\"container\" data-settings=\"{&quot;background_background&quot;:&quot;classic&quot;}\">\n\t\t\t\t<div class=\"elementor-element elementor-element-9c7ae96 elementor-widget elementor-widget-heading\" data-id=\"9c7ae96\" data-element_type=\"widget\" data-e-type=\"widget\" data-widget_type=\"heading.default\">\n\t\t\t\t<div class=\"elementor-widget-container\">\n\t\t\t\t\t<h6 class=\"elementor-heading-title elementor-size-default\">Rolle der Z\u00fcnfte und Bruderschaften<\/h6>\t\t\t\t<\/div>\n\t\t\t\t<\/div>\n\t\t\t\t<div class=\"elementor-element elementor-element-be28921 elementor-widget elementor-widget-text-editor\" data-id=\"be28921\" data-element_type=\"widget\" data-e-type=\"widget\" data-widget_type=\"text-editor.default\">\n\t\t\t\t<div class=\"elementor-widget-container\">\n\t\t\t\t\t\t\t\t\t<p>Sie waren f\u00fcr die Organisation und Finanzierung der Feste verantwortlich und fungierten gleichzeitig als milit\u00e4rische Autorit\u00e4t im Falle eines Konflikts. Sie stellten dann Waffen und Soldaten f\u00fcr milit\u00e4rische Feldz\u00fcge zur Verf\u00fcgung. Gem\u00e4\u00df einer festgelegten Ordnung beteiligten sich auch bestimmte namhafte Familien sowie der Rat an der Organisation der Feste.<\/p>\t\t\t\t\t\t\t\t<\/div>\n\t\t\t\t<\/div>\n\t\t\t\t<\/div>\n\t\t<div class=\"elementor-element elementor-element-72879dc e-con-full e-flex e-con e-child\" data-id=\"72879dc\" data-element_type=\"container\" data-e-type=\"container\" data-settings=\"{&quot;background_background&quot;:&quot;classic&quot;}\">\n\t\t\t\t<div class=\"elementor-element elementor-element-1d0de1f elementor-widget elementor-widget-heading\" data-id=\"1d0de1f\" data-element_type=\"widget\" data-e-type=\"widget\" data-widget_type=\"heading.default\">\n\t\t\t\t<div class=\"elementor-widget-container\">\n\t\t\t\t\t<h6 class=\"elementor-heading-title elementor-size-default\">Finanzielle Probleme<\/h6>\t\t\t\t<\/div>\n\t\t\t\t<\/div>\n\t\t\t\t<div class=\"elementor-element elementor-element-b12b73b elementor-widget elementor-widget-text-editor\" data-id=\"b12b73b\" data-element_type=\"widget\" data-e-type=\"widget\" data-widget_type=\"text-editor.default\">\n\t\t\t\t<div class=\"elementor-widget-container\">\n\t\t\t\t\t\t\t\t\t<p>Ab Mitte des 16. Jahrhunderts konnten die Z\u00fcnfte die steigenden Kosten f\u00fcr ihre Teilnahme an den Dreik\u00f6nigsfesten nicht mehr aus ihren \u00fcblichen Einnahmen decken, sodass sie auf ihre finanziellen Reserven zur\u00fcckgreifen mussten.<\/p>\t\t\t\t\t\t\t\t<\/div>\n\t\t\t\t<\/div>\n\t\t\t\t<\/div>\n\t\t<div class=\"elementor-element elementor-element-ff7bf4c e-con-full e-flex e-con e-child\" data-id=\"ff7bf4c\" data-element_type=\"container\" data-e-type=\"container\" data-settings=\"{&quot;background_background&quot;:&quot;classic&quot;}\">\n\t\t\t\t<div class=\"elementor-element elementor-element-d4bf580 elementor-widget elementor-widget-heading\" data-id=\"d4bf580\" data-element_type=\"widget\" data-e-type=\"widget\" data-widget_type=\"heading.default\">\n\t\t\t\t<div class=\"elementor-widget-container\">\n\t\t\t\t\t<h6 class=\"elementor-heading-title elementor-size-default\">Reform des Rates im Jahr 1578<\/h6>\t\t\t\t<\/div>\n\t\t\t\t<\/div>\n\t\t\t\t<div class=\"elementor-element elementor-element-fb1c99a elementor-widget elementor-widget-text-editor\" data-id=\"fb1c99a\" data-element_type=\"widget\" data-e-type=\"widget\" data-widget_type=\"text-editor.default\">\n\t\t\t\t<div class=\"elementor-widget-container\">\n\t\t\t\t\t\t\t\t\t<p>Um die Verteilung der finanziellen Lasten zu verbessern, f\u00fchrte der Rat eine offizielle 7-Jahres-Rotation f\u00fcr die verschiedenen Gesellschaften und Familien ein. Dieses System wurde 200 Jahre lang strikt eingehalten, obwohl es die Z\u00fcnfte oft an den Rand des Bankrotts brachte.<\/p>\t\t\t\t\t\t\t\t<\/div>\n\t\t\t\t<\/div>\n\t\t\t\t<\/div>\n\t\t\t\t<div class=\"elementor-element elementor-element-de31009 elementor-widget elementor-widget-spacer\" data-id=\"de31009\" data-element_type=\"widget\" data-e-type=\"widget\" data-widget_type=\"spacer.default\">\n\t\t\t\t<div class=\"elementor-widget-container\">\n\t\t\t\t\t\t\t<div class=\"elementor-spacer\">\n\t\t\t<div class=\"elementor-spacer-inner\"><\/div>\n\t\t<\/div>\n\t\t\t\t\t\t<\/div>\n\t\t\t\t<\/div>\n\t\t\t\t<\/div>\n\t\t\t\t\t<\/div>\n\t\t\t\t<\/div>\n\t\t<div class=\"elementor-element elementor-element-d13a42c e-con-full e-flex e-con e-parent\" data-id=\"d13a42c\" data-element_type=\"container\" data-e-type=\"container\" data-settings=\"{&quot;background_background&quot;:&quot;classic&quot;}\">\n\t\t\t\t<div class=\"elementor-element elementor-element-e676124 elementor-widget elementor-widget-heading\" data-id=\"e676124\" data-element_type=\"widget\" data-e-type=\"widget\" data-widget_type=\"heading.default\">\n\t\t\t\t<div class=\"elementor-widget-container\">\n\t\t\t\t\t<h4 class=\"elementor-heading-title elementor-size-default\">Auszug aus dem Buch<\/h4>\t\t\t\t<\/div>\n\t\t\t\t<\/div>\n\t\t\t\t<div class=\"elementor-element elementor-element-dd3b1dd animated-slow elementor-invisible elementor-widget elementor-widget-heading\" data-id=\"dd3b1dd\" data-element_type=\"widget\" data-e-type=\"widget\" data-settings=\"{&quot;_animation&quot;:&quot;fadeIn&quot;}\" data-widget_type=\"heading.default\">\n\t\t\t\t<div class=\"elementor-widget-container\">\n\t\t\t\t\t<h2 class=\"elementor-heading-title elementor-size-default\">L'Abbaye des Ma\u00e7ons de Fribourg<\/h2>\t\t\t\t<\/div>\n\t\t\t\t<\/div>\n\t\t\t\t<div class=\"elementor-element elementor-element-b760c83 animated-slow elementor-invisible elementor-widget elementor-widget-heading\" data-id=\"b760c83\" data-element_type=\"widget\" data-e-type=\"widget\" data-settings=\"{&quot;_animation&quot;:&quot;fadeIn&quot;}\" data-widget_type=\"heading.default\">\n\t\t\t\t<div class=\"elementor-widget-container\">\n\t\t\t\t\t<h2 class=\"elementor-heading-title elementor-size-default\">Die Zunft der Maurer von Freiburg<\/h2>\t\t\t\t<\/div>\n\t\t\t\t<\/div>\n\t\t\t\t<div class=\"elementor-element elementor-element-250b6d1 elementor-widget-divider--view-line elementor-widget elementor-widget-divider\" data-id=\"250b6d1\" data-element_type=\"widget\" data-e-type=\"widget\" data-widget_type=\"divider.default\">\n\t\t\t\t<div class=\"elementor-widget-container\">\n\t\t\t\t\t\t\t<div class=\"elementor-divider\">\n\t\t\t<span class=\"elementor-divider-separator\">\n\t\t\t\t\t\t<\/span>\n\t\t<\/div>\n\t\t\t\t\t\t<\/div>\n\t\t\t\t<\/div>\n\t\t\t\t<div class=\"elementor-element elementor-element-dac12b9 elementor-widget elementor-widget-text-editor\" data-id=\"dac12b9\" data-element_type=\"widget\" data-e-type=\"widget\" data-widget_type=\"text-editor.default\">\n\t\t\t\t<div class=\"elementor-widget-container\">\n\t\t\t\t\t\t\t\t\t<p>Marie-Th\u00e9r\u00e8se Torsche-Julmy und Hubert Foerster<strong><br \/><\/strong><\/p>\t\t\t\t\t\t\t\t<\/div>\n\t\t\t\t<\/div>\n\t\t\t\t<div class=\"elementor-element elementor-element-f140373 elementor-skin-coverflow elementor-arrows-yes elementor-pagination-type-bullets elementor-pagination-position-outside elementor-widget elementor-widget-media-carousel\" data-id=\"f140373\" data-element_type=\"widget\" data-e-type=\"widget\" data-settings=\"{&quot;skin&quot;:&quot;coverflow&quot;,&quot;show_arrows&quot;:&quot;yes&quot;,&quot;pagination&quot;:&quot;bullets&quot;,&quot;speed&quot;:500,&quot;autoplay&quot;:&quot;yes&quot;,&quot;autoplay_speed&quot;:5000,&quot;loop&quot;:&quot;yes&quot;,&quot;pause_on_hover&quot;:&quot;yes&quot;,&quot;pause_on_interaction&quot;:&quot;yes&quot;,&quot;space_between&quot;:{&quot;unit&quot;:&quot;px&quot;,&quot;size&quot;:10,&quot;sizes&quot;:[]},&quot;space_between_tablet&quot;:{&quot;unit&quot;:&quot;px&quot;,&quot;size&quot;:10,&quot;sizes&quot;:[]},&quot;space_between_mobile&quot;:{&quot;unit&quot;:&quot;px&quot;,&quot;size&quot;:10,&quot;sizes&quot;:[]}}\" data-widget_type=\"media-carousel.default\">\n\t\t\t\t<div class=\"elementor-widget-container\">\n\t\t\t\t\t\t\t\t\t<div class=\"elementor-swiper\">\n\t\t\t\t\t<div class=\"elementor-main-swiper swiper\" role=\"region\" aria-roledescription=\"carousel\" aria-label=\"Slides\">\n\t\t\t\t<div class=\"swiper-wrapper\">\n\t\t\t\t\t\t\t\t\t\t\t<div class=\"swiper-slide\" role=\"group\" aria-roledescription=\"slide\">\n\t\t\t\t\t\t\t\t\t<div class=\"elementor-carousel-image\" role=\"img\" aria-label=\"_MAN7009\" style=\"background-image: url(&#039;https:\/\/abbayedesmacons.netmanage-dev.ch\/wp-content\/uploads\/2025\/02\/MAN7009-scaled.jpg&#039;)\">\n\n\t\t\t\n\t\t\t\t\t<\/div>\n\t\t\t\t\t\t\t\t<\/div>\n\t\t\t\t\t\t\t\t\t\t\t<div class=\"swiper-slide\" role=\"group\" aria-roledescription=\"slide\">\n\t\t\t\t\t\t\t\t\t<div class=\"elementor-carousel-image\" role=\"img\" aria-label=\"_MAN7023\" style=\"background-image: url(&#039;https:\/\/abbayedesmacons.netmanage-dev.ch\/wp-content\/uploads\/2025\/02\/MAN7023-scaled.jpg&#039;)\">\n\n\t\t\t\n\t\t\t\t\t<\/div>\n\t\t\t\t\t\t\t\t<\/div>\n\t\t\t\t\t\t\t\t\t\t\t<div class=\"swiper-slide\" role=\"group\" aria-roledescription=\"slide\">\n\t\t\t\t\t\t\t\t\t<div class=\"elementor-carousel-image\" role=\"img\" aria-label=\"_MAN7033\" style=\"background-image: url(&#039;https:\/\/abbayedesmacons.netmanage-dev.ch\/wp-content\/uploads\/2025\/02\/MAN7033-scaled.jpg&#039;)\">\n\n\t\t\t\n\t\t\t\t\t<\/div>\n\t\t\t\t\t\t\t\t<\/div>\n\t\t\t\t\t\t\t\t\t\t\t<div class=\"swiper-slide\" role=\"group\" aria-roledescription=\"slide\">\n\t\t\t\t\t\t\t\t\t<div class=\"elementor-carousel-image\" role=\"img\" aria-label=\"_MAN7058\" style=\"background-image: url(&#039;https:\/\/abbayedesmacons.netmanage-dev.ch\/wp-content\/uploads\/2025\/02\/MAN7058-scaled.jpg&#039;)\">\n\n\t\t\t\n\t\t\t\t\t<\/div>\n\t\t\t\t\t\t\t\t<\/div>\n\t\t\t\t\t\t\t\t\t\t\t<div class=\"swiper-slide\" role=\"group\" aria-roledescription=\"slide\">\n\t\t\t\t\t\t\t\t\t<div class=\"elementor-carousel-image\" role=\"img\" aria-label=\"_MAN7062\" style=\"background-image: url(&#039;https:\/\/abbayedesmacons.netmanage-dev.ch\/wp-content\/uploads\/2025\/02\/MAN7062-scaled.jpg&#039;)\">\n\n\t\t\t\n\t\t\t\t\t<\/div>\n\t\t\t\t\t\t\t\t<\/div>\n\t\t\t\t\t\t\t\t\t\t\t<div class=\"swiper-slide\" role=\"group\" aria-roledescription=\"slide\">\n\t\t\t\t\t\t\t\t\t<div class=\"elementor-carousel-image\" role=\"img\" aria-label=\"_MAN7072\" style=\"background-image: url(&#039;https:\/\/abbayedesmacons.netmanage-dev.ch\/wp-content\/uploads\/2025\/02\/MAN7072-scaled.jpg&#039;)\">\n\n\t\t\t\n\t\t\t\t\t<\/div>\n\t\t\t\t\t\t\t\t<\/div>\n\t\t\t\t\t\t\t\t\t<\/div>\n\t\t\t\t\t\t\t\t\t\t\t\t\t\t\t<div class=\"elementor-swiper-button elementor-swiper-button-prev\" role=\"button\" tabindex=\"0\" aria-label=\"Voriger\">\n\t\t\t\t\t\t\t<svg aria-hidden=\"true\" class=\"e-font-icon-svg e-eicon-chevron-left\" viewBox=\"0 0 1000 1000\" xmlns=\"http:\/\/www.w3.org\/2000\/svg\"><path d=\"M646 125C629 125 613 133 604 142L308 442C296 454 292 471 292 487 292 504 296 521 308 533L604 854C617 867 629 875 646 875 663 875 679 871 692 858 704 846 713 829 713 812 713 796 708 779 692 767L438 487 692 225C700 217 708 204 708 187 708 171 704 154 692 142 675 129 663 125 646 125Z\"><\/path><\/svg>\t\t\t\t\t\t<\/div>\n\t\t\t\t\t\t<div class=\"elementor-swiper-button elementor-swiper-button-next\" role=\"button\" tabindex=\"0\" aria-label=\"N\u00e4chster\">\n\t\t\t\t\t\t\t<svg aria-hidden=\"true\" class=\"e-font-icon-svg e-eicon-chevron-right\" viewBox=\"0 0 1000 1000\" xmlns=\"http:\/\/www.w3.org\/2000\/svg\"><path d=\"M696 533C708 521 713 504 713 487 713 471 708 454 696 446L400 146C388 133 375 125 354 125 338 125 325 129 313 142 300 154 292 171 292 187 292 204 296 221 308 233L563 492 304 771C292 783 288 800 288 817 288 833 296 850 308 863 321 871 338 875 354 875 371 875 388 867 400 854L696 533Z\"><\/path><\/svg>\t\t\t\t\t\t<\/div>\n\t\t\t\t\t\t\t\t\t\t\t\t\t\t\t\t<div class=\"swiper-pagination\"><\/div>\n\t\t\t\t\t\t\t\t\t\t\t\t<\/div>\n\t\t\t\t<\/div>\n\t\t\t\t\t\t\t\t<\/div>\n\t\t\t\t<\/div>\n\t\t\t\t<\/div>\n\t\t\t\t<\/div>\n\t\t","protected":false},"excerpt":{"rendered":"<p>GESCHICHTE Seit 1370, dem Gr\u00fcndungsjahr der Abbaye des Ma\u00e7ons, bilden die Mitglieder eine Zunft, deren Ziel es ist, alle Akteure des Bauwesens in der Stadt Freiburg und ihrer Umgebung zusammenzubringen. Die Z\u00fcnfte haben ihren Ursprung in den Bruderschaften des 12. Jahrhunderts, die das soziale und religi\u00f6se Leben strukturierten. Diese trafen sich zu Messen und Mahlzeiten. [&hellip;]<\/p>\n","protected":false},"author":2,"featured_media":0,"parent":0,"menu_order":0,"comment_status":"closed","ping_status":"closed","template":"","meta":{"footnotes":""},"class_list":["post-607","page","type-page","status-publish","hentry"],"_links":{"self":[{"href":"https:\/\/abbayedesmacons.netmanage-dev.ch\/index.php?rest_route=\/wp\/v2\/pages\/607","targetHints":{"allow":["GET"]}}],"collection":[{"href":"https:\/\/abbayedesmacons.netmanage-dev.ch\/index.php?rest_route=\/wp\/v2\/pages"}],"about":[{"href":"https:\/\/abbayedesmacons.netmanage-dev.ch\/index.php?rest_route=\/wp\/v2\/types\/page"}],"author":[{"embeddable":true,"href":"https:\/\/abbayedesmacons.netmanage-dev.ch\/index.php?rest_route=\/wp\/v2\/users\/2"}],"replies":[{"embeddable":true,"href":"https:\/\/abbayedesmacons.netmanage-dev.ch\/index.php?rest_route=%2Fwp%2Fv2%2Fcomments&post=607"}],"version-history":[{"count":4,"href":"https:\/\/abbayedesmacons.netmanage-dev.ch\/index.php?rest_route=\/wp\/v2\/pages\/607\/revisions"}],"predecessor-version":[{"id":611,"href":"https:\/\/abbayedesmacons.netmanage-dev.ch\/index.php?rest_route=\/wp\/v2\/pages\/607\/revisions\/611"}],"wp:attachment":[{"href":"https:\/\/abbayedesmacons.netmanage-dev.ch\/index.php?rest_route=%2Fwp%2Fv2%2Fmedia&parent=607"}],"curies":[{"name":"wp","href":"https:\/\/api.w.org\/{rel}","templated":true}]}}